{"id":1660,"date":"2024-04-23T09:36:01","date_gmt":"2024-04-23T07:36:01","guid":{"rendered":"https:\/\/grup.com.es\/area-de-treball-corporal\/"},"modified":"2024-05-21T17:14:41","modified_gmt":"2024-05-21T15:14:41","slug":"area-de-trabajo-corporal","status":"publish","type":"page","link":"https:\/\/grup.com.es\/es\/area-de-trabajo-corporal\/","title":{"rendered":"\u00c1rea de Trabajo Corporal"},"content":{"rendered":"\t\t<div data-elementor-type=\"wp-page\" data-elementor-id=\"1660\" class=\"elementor elementor-1660 elementor-857\" data-elementor-post-type=\"page\">\n\t\t\t\t<div class=\"elementor-element elementor-element-84a42e1 e-flex e-con-boxed e-con e-parent\" data-id=\"84a42e1\" data-element_type=\"container\" data-settings=\"{&quot;background_background&quot;:&quot;gradient&quot;}\" data-core-v316-plus=\"true\">\n\t\t\t\t\t<div class=\"e-con-inner\">\n\t\t<div class=\"elementor-element elementor-element-42c1c45 e-con-full e-flex e-con e-child\" data-id=\"42c1c45\" data-element_type=\"container\">\n\t\t<div class=\"elementor-element elementor-element-cffe684 e-flex e-con-boxed e-con e-child\" data-id=\"cffe684\" data-element_type=\"container\" data-settings=\"{&quot;background_background&quot;:&quot;classic&quot;}\">\n\t\t\t\t\t<div class=\"e-con-inner\">\n\t\t\t\t<div class=\"elementor-element elementor-element-34bf4ff elementor-widget elementor-widget-heading\" data-id=\"34bf4ff\" data-element_type=\"widget\" data-widget_type=\"heading.default\">\n\t\t\t\t<div class=\"elementor-widget-container\">\n\t\t\t<style>\/*! elementor - v3.20.0 - 26-03-2024 *\/\n.elementor-heading-title{padding:0;margin:0;line-height:1}.elementor-widget-heading .elementor-heading-title[class*=elementor-size-]>a{color:inherit;font-size:inherit;line-height:inherit}.elementor-widget-heading .elementor-heading-title.elementor-size-small{font-size:15px}.elementor-widget-heading .elementor-heading-title.elementor-size-medium{font-size:19px}.elementor-widget-heading .elementor-heading-title.elementor-size-large{font-size:29px}.elementor-widget-heading .elementor-heading-title.elementor-size-xl{font-size:39px}.elementor-widget-heading .elementor-heading-title.elementor-size-xxl{font-size:59px}<\/style><h1 class=\"elementor-heading-title elementor-size-default\">\u00c1rea de Trabajo Corporal<\/h1>\t\t<\/div>\n\t\t\t\t<\/div>\n\t\t\t\t\t<\/div>\n\t\t\t\t<\/div>\n\t\t\t\t<\/div>\n\t\t<div class=\"elementor-element elementor-element-da16d0f e-flex e-con-boxed e-con e-child\" data-id=\"da16d0f\" data-element_type=\"container\">\n\t\t\t\t\t<div class=\"e-con-inner\">\n\t\t\t\t\t<\/div>\n\t\t\t\t<\/div>\n\t\t\t\t\t<\/div>\n\t\t\t\t<\/div>\n\t\t<div class=\"elementor-element elementor-element-5e9630f e-flex e-con-boxed e-con e-parent\" data-id=\"5e9630f\" data-element_type=\"container\" data-settings=\"{&quot;background_background&quot;:&quot;classic&quot;}\" data-core-v316-plus=\"true\">\n\t\t\t\t\t<div class=\"e-con-inner\">\n\t\t<div class=\"elementor-element elementor-element-051eb70 e-con-full e-flex e-con e-child\" data-id=\"051eb70\" data-element_type=\"container\">\n\t\t\t\t<div class=\"elementor-element elementor-element-bbedc54 elementor-widget elementor-widget-text-editor\" data-id=\"bbedc54\" data-element_type=\"widget\" data-widget_type=\"text-editor.default\">\n\t\t\t\t<div class=\"elementor-widget-container\">\n\t\t\t<style>\/*! elementor - v3.20.0 - 26-03-2024 *\/\n.elementor-widget-text-editor.elementor-drop-cap-view-stacked .elementor-drop-cap{background-color:#69727d;color:#fff}.elementor-widget-text-editor.elementor-drop-cap-view-framed .elementor-drop-cap{color:#69727d;border:3px solid;background-color:transparent}.elementor-widget-text-editor:not(.elementor-drop-cap-view-default) .elementor-drop-cap{margin-top:8px}.elementor-widget-text-editor:not(.elementor-drop-cap-view-default) .elementor-drop-cap-letter{width:1em;height:1em}.elementor-widget-text-editor .elementor-drop-cap{float:left;text-align:center;line-height:1;font-size:50px}.elementor-widget-text-editor .elementor-drop-cap-letter{display:inline-block}<\/style>\t\t\t\t<p>El cuerpo ha sido relegado y escindido de la conciencia. Nuestro objetivo es ofrecer un espacio adecuado para la tarea corporal que permita a cada uno desarrollar sus aspectos sanos, modificar aquellos que no lo son y enriquecer la capacidad de comunicaci\u00f3n y creatividad.<\/p><p>El equipo de profesionales est\u00e1 formado por m\u00e9dicos, fisioterapeutas, oste\u00f3patas, profesores de t\u00e9cnicas corporales y psicoterapeutas corporales que, de forma conjunta y coordinada, emprenden la tarea de ampliaci\u00f3n de la conciencia del cuerpo y de la prevenci\u00f3n y el mantenimiento de la salud.<\/p>\t\t\t\t\t\t<\/div>\n\t\t\t\t<\/div>\n\t\t\t\t<\/div>\n\t\t\t\t\t<\/div>\n\t\t\t\t<\/div>\n\t\t<div class=\"elementor-element elementor-element-53d2324 e-flex e-con-boxed e-con e-parent\" data-id=\"53d2324\" data-element_type=\"container\" data-settings=\"{&quot;background_background&quot;:&quot;classic&quot;}\" data-core-v316-plus=\"true\">\n\t\t\t\t\t<div class=\"e-con-inner\">\n\t\t<div class=\"elementor-element elementor-element-4d92e3c e-con-full e-flex e-con e-child\" data-id=\"4d92e3c\" data-element_type=\"container\">\n\t\t\t\t<div class=\"elementor-element elementor-element-5046812 elementor-widget elementor-widget-heading\" data-id=\"5046812\" data-element_type=\"widget\" data-widget_type=\"heading.default\">\n\t\t\t\t<div class=\"elementor-widget-container\">\n\t\t\t<h2 class=\"elementor-heading-title elementor-size-default\">Gimnasia Consciente\n<\/h2>\t\t<\/div>\n\t\t\t\t<\/div>\n\t\t\t\t<div class=\"elementor-element elementor-element-e365ba2 elementor-widget elementor-widget-text-editor\" data-id=\"e365ba2\" data-element_type=\"widget\" data-widget_type=\"text-editor.default\">\n\t\t\t\t<div class=\"elementor-widget-container\">\n\t\t\t\t\t\t\t<p>Utilizamos una serie de t\u00e9cnicas que facilitan una toma de contacto con el cuerpo a trav\u00e9s de los distintos sentidos. Con diversos recursos pedag\u00f3gicos la persona puede conformar una percepci\u00f3n nueva de su realidad corporal.\u00a0<\/p><p>La importancia de una tarea de esta profundidad, dentro de un marco pedag\u00f3gico, es dar a los participantes la posibilidad de una relaci\u00f3n directa con su cuerpo, modificando aquellos aspectos que lo limitan y explorando y ampliando el potencial que posee. Todo ello permite una mejora en la flexibilidad\u00a0 y el tono de base, as\u00ed como el incremento de la fuerza. De esta manera conseguiremos que el ejercicio sea terap\u00e9utico.<\/p>\t\t\t\t\t\t<\/div>\n\t\t\t\t<\/div>\n\t\t\t\t<\/div>\n\t\t<div class=\"elementor-element elementor-element-fb09092 e-con-full e-flex e-con e-child\" data-id=\"fb09092\" data-element_type=\"container\" data-settings=\"{&quot;background_background&quot;:&quot;classic&quot;}\">\n\t\t\t\t<div class=\"elementor-element elementor-element-4b38077 elementor-widget elementor-widget-spacer\" data-id=\"4b38077\" data-element_type=\"widget\" data-widget_type=\"spacer.default\">\n\t\t\t\t<div class=\"elementor-widget-container\">\n\t\t\t<style>\/*! elementor - v3.20.0 - 26-03-2024 *\/\n.elementor-column .elementor-spacer-inner{height:var(--spacer-size)}.e-con{--container-widget-width:100%}.e-con-inner>.elementor-widget-spacer,.e-con>.elementor-widget-spacer{width:var(--container-widget-width,var(--spacer-size));--align-self:var(--container-widget-align-self,initial);--flex-shrink:0}.e-con-inner>.elementor-widget-spacer>.elementor-widget-container,.e-con>.elementor-widget-spacer>.elementor-widget-container{height:100%;width:100%}.e-con-inner>.elementor-widget-spacer>.elementor-widget-container>.elementor-spacer,.e-con>.elementor-widget-spacer>.elementor-widget-container>.elementor-spacer{height:100%}.e-con-inner>.elementor-widget-spacer>.elementor-widget-container>.elementor-spacer>.elementor-spacer-inner,.e-con>.elementor-widget-spacer>.elementor-widget-container>.elementor-spacer>.elementor-spacer-inner{height:var(--container-widget-height,var(--spacer-size))}.e-con-inner>.elementor-widget-spacer.elementor-widget-empty,.e-con>.elementor-widget-spacer.elementor-widget-empty{position:relative;min-height:22px;min-width:22px}.e-con-inner>.elementor-widget-spacer.elementor-widget-empty .elementor-widget-empty-icon,.e-con>.elementor-widget-spacer.elementor-widget-empty .elementor-widget-empty-icon{position:absolute;top:0;bottom:0;left:0;right:0;margin:auto;padding:0;width:22px;height:22px}<\/style>\t\t<div class=\"elementor-spacer\">\n\t\t\t<div class=\"elementor-spacer-inner\"><\/div>\n\t\t<\/div>\n\t\t\t\t<\/div>\n\t\t\t\t<\/div>\n\t\t\t\t<\/div>\n\t\t\t\t\t<\/div>\n\t\t\t\t<\/div>\n\t\t<div class=\"elementor-element elementor-element-a866441 e-flex e-con-boxed e-con e-parent\" data-id=\"a866441\" data-element_type=\"container\" data-settings=\"{&quot;background_background&quot;:&quot;classic&quot;}\" data-core-v316-plus=\"true\">\n\t\t\t\t\t<div class=\"e-con-inner\">\n\t\t<div class=\"elementor-element elementor-element-6081545 e-con-full e-flex e-con e-child\" data-id=\"6081545\" data-element_type=\"container\" data-settings=\"{&quot;background_background&quot;:&quot;classic&quot;}\">\n\t\t\t\t<div class=\"elementor-element elementor-element-1fbdbd9 elementor-widget elementor-widget-spacer\" data-id=\"1fbdbd9\" data-element_type=\"widget\" data-widget_type=\"spacer.default\">\n\t\t\t\t<div class=\"elementor-widget-container\">\n\t\t\t\t\t<div class=\"elementor-spacer\">\n\t\t\t<div class=\"elementor-spacer-inner\"><\/div>\n\t\t<\/div>\n\t\t\t\t<\/div>\n\t\t\t\t<\/div>\n\t\t\t\t<\/div>\n\t\t<div class=\"elementor-element elementor-element-f9d4ad9 e-con-full e-flex e-con e-child\" data-id=\"f9d4ad9\" data-element_type=\"container\">\n\t\t\t\t<div class=\"elementor-element elementor-element-34e6bc6 elementor-widget elementor-widget-heading\" data-id=\"34e6bc6\" data-element_type=\"widget\" data-widget_type=\"heading.default\">\n\t\t\t\t<div class=\"elementor-widget-container\">\n\t\t\t<h2 class=\"elementor-heading-title elementor-size-default\">Fisioterapia y Osteopat\u00eda\n<\/h2>\t\t<\/div>\n\t\t\t\t<\/div>\n\t\t\t\t<div class=\"elementor-element elementor-element-e7183c5 elementor-widget elementor-widget-text-editor\" data-id=\"e7183c5\" data-element_type=\"widget\" data-widget_type=\"text-editor.default\">\n\t\t\t\t<div class=\"elementor-widget-container\">\n\t\t\t\t\t\t\tLa fisioterapia es un conjunto de m\u00e9todos que mediante la aplicaci\u00f3n de medios f\u00edsicos, curan, previenen y recuperan a personas afectadas por una disfunci\u00f3n som\u00e1tica. La osteopat\u00eda ser\u00eda una forma de complementar la fisioterapia dando un enfoque m\u00e1s integral del cuerpo, ya que se basa en la ley del movimiento. Toda estructura en el organismo tiene su propio movimiento y la osteopat\u00eda es el arte de equilibrarlo.\t\t\t\t\t\t<\/div>\n\t\t\t\t<\/div>\n\t\t\t\t<\/div>\n\t\t\t\t\t<\/div>\n\t\t\t\t<\/div>\n\t\t<div class=\"elementor-element elementor-element-526d654 e-flex e-con-boxed e-con e-parent\" data-id=\"526d654\" data-element_type=\"container\" data-settings=\"{&quot;background_background&quot;:&quot;gradient&quot;}\" data-core-v316-plus=\"true\">\n\t\t\t\t\t<div class=\"e-con-inner\">\n\t\t<div class=\"elementor-element elementor-element-402901c e-con-full e-flex e-con e-child\" data-id=\"402901c\" data-element_type=\"container\">\n\t\t\t\t<div class=\"elementor-element elementor-element-c51f357 elementor-widget elementor-widget-heading\" data-id=\"c51f357\" data-element_type=\"widget\" data-widget_type=\"heading.default\">\n\t\t\t\t<div class=\"elementor-widget-container\">\n\t\t\t<h2 class=\"elementor-heading-title elementor-size-default\">Expresi\u00f3n Corporal<\/h2>\t\t<\/div>\n\t\t\t\t<\/div>\n\t\t\t\t<div class=\"elementor-element elementor-element-1b6890d elementor-widget elementor-widget-text-editor\" data-id=\"1b6890d\" data-element_type=\"widget\" data-widget_type=\"text-editor.default\">\n\t\t\t\t<div class=\"elementor-widget-container\">\n\t\t\t\t\t\t\tEntendemos la Expresi\u00f3n Corporal como la danza. La danza propia de cada individuo. Fomentamos en las clases el trabajo de reconocimiento del propio cuerpo, entendi\u00e9ndolo como soporte y fuente de la tarea. Desarrollamos la capacidad comunicacional del alumno, tanto consigo mismo como con los dem\u00e1s y sus aspectos creativos, a trav\u00e9s del juego y del movimiento.\t\t\t\t\t\t<\/div>\n\t\t\t\t<\/div>\n\t\t\t\t<\/div>\n\t\t<div class=\"elementor-element elementor-element-c8cc4c6 e-con-full e-flex e-con e-child\" data-id=\"c8cc4c6\" data-element_type=\"container\" data-settings=\"{&quot;background_background&quot;:&quot;classic&quot;}\">\n\t\t\t\t<div class=\"elementor-element elementor-element-bcb534e elementor-widget elementor-widget-spacer\" data-id=\"bcb534e\" data-element_type=\"widget\" data-widget_type=\"spacer.default\">\n\t\t\t\t<div class=\"elementor-widget-container\">\n\t\t\t\t\t<div class=\"elementor-spacer\">\n\t\t\t<div class=\"elementor-spacer-inner\"><\/div>\n\t\t<\/div>\n\t\t\t\t<\/div>\n\t\t\t\t<\/div>\n\t\t\t\t<\/div>\n\t\t\t\t\t<\/div>\n\t\t\t\t<\/div>\n\t\t<div class=\"elementor-element elementor-element-dfc032f e-flex e-con-boxed e-con e-parent\" data-id=\"dfc032f\" data-element_type=\"container\" data-settings=\"{&quot;background_background&quot;:&quot;classic&quot;}\" data-core-v316-plus=\"true\">\n\t\t\t\t\t<div class=\"e-con-inner\">\n\t\t<div class=\"elementor-element elementor-element-27a6086 e-con-full e-flex e-con e-child\" data-id=\"27a6086\" data-element_type=\"container\" data-settings=\"{&quot;background_background&quot;:&quot;classic&quot;}\">\n\t\t\t\t<div class=\"elementor-element elementor-element-dc0070d elementor-widget elementor-widget-spacer\" data-id=\"dc0070d\" data-element_type=\"widget\" data-widget_type=\"spacer.default\">\n\t\t\t\t<div class=\"elementor-widget-container\">\n\t\t\t\t\t<div class=\"elementor-spacer\">\n\t\t\t<div class=\"elementor-spacer-inner\"><\/div>\n\t\t<\/div>\n\t\t\t\t<\/div>\n\t\t\t\t<\/div>\n\t\t\t\t<\/div>\n\t\t<div class=\"elementor-element elementor-element-86bb523 e-con-full e-flex e-con e-child\" data-id=\"86bb523\" data-element_type=\"container\">\n\t\t\t\t<div class=\"elementor-element elementor-element-990bdc7 elementor-widget elementor-widget-heading\" data-id=\"990bdc7\" data-element_type=\"widget\" data-widget_type=\"heading.default\">\n\t\t\t\t<div class=\"elementor-widget-container\">\n\t\t\t<h2 class=\"elementor-heading-title elementor-size-default\">Psicoterapia Corporal y S\u00edntomas del Cuerpo\n<\/h2>\t\t<\/div>\n\t\t\t\t<\/div>\n\t\t\t\t<div class=\"elementor-element elementor-element-fd22049 elementor-widget elementor-widget-text-editor\" data-id=\"fd22049\" data-element_type=\"widget\" data-widget_type=\"text-editor.default\">\n\t\t\t\t<div class=\"elementor-widget-container\">\n\t\t\t\t\t\t\tJunto con el \u00e1rea de psicoterapia realizamos el seguimiento de pacientes que por sus s\u00edntomas requieren de una labor de abordaje corporal de apoyo y\/o complemento de la labor psicoterap\u00e9utica que llevan a cabo. Utilizamos el concepto de Imagen inconsciente del cuerpo.\t\t\t\t\t\t<\/div>\n\t\t\t\t<\/div>\n\t\t\t\t<\/div>\n\t\t\t\t\t<\/div>\n\t\t\t\t<\/div>\n\t\t<div class=\"elementor-element elementor-element-22834a3 e-flex e-con-boxed e-con e-parent\" data-id=\"22834a3\" data-element_type=\"container\" data-settings=\"{&quot;background_background&quot;:&quot;classic&quot;}\" data-core-v316-plus=\"true\">\n\t\t\t\t\t<div class=\"e-con-inner\">\n\t\t<div class=\"elementor-element elementor-element-0668e7b e-con-full e-flex e-con e-child\" data-id=\"0668e7b\" data-element_type=\"container\">\n\t\t\t\t<div class=\"elementor-element elementor-element-250153b elementor-widget elementor-widget-heading\" data-id=\"250153b\" data-element_type=\"widget\" data-widget_type=\"heading.default\">\n\t\t\t\t<div class=\"elementor-widget-container\">\n\t\t\t<h2 class=\"elementor-heading-title elementor-size-default\">Talleres Introductorios y de Sensibilizaci\u00f3n<\/h2>\t\t<\/div>\n\t\t\t\t<\/div>\n\t\t\t\t<div class=\"elementor-element elementor-element-040596a elementor-widget elementor-widget-text-editor\" data-id=\"040596a\" data-element_type=\"widget\" data-widget_type=\"text-editor.default\">\n\t\t\t\t<div class=\"elementor-widget-container\">\n\t\t\t\t\t\t\tA lo largo del curso se imparten talleres monogr\u00e1ficos donde se divulga la labor del \u00e1rea corporal. Tambi\u00e9n se imparten talleres de profundizaci\u00f3n en temas que requieren una tarea m\u00e1s detallada.\t\t\t\t\t\t<\/div>\n\t\t\t\t<\/div>\n\t\t\t\t<\/div>\n\t\t<div class=\"elementor-element elementor-element-cd684a4 e-con-full e-flex e-con e-child\" data-id=\"cd684a4\" data-element_type=\"container\" data-settings=\"{&quot;background_background&quot;:&quot;classic&quot;}\">\n\t\t\t\t<div class=\"elementor-element elementor-element-d1037db elementor-widget elementor-widget-spacer\" data-id=\"d1037db\" data-element_type=\"widget\" data-widget_type=\"spacer.default\">\n\t\t\t\t<div class=\"elementor-widget-container\">\n\t\t\t\t\t<div class=\"elementor-spacer\">\n\t\t\t<div class=\"elementor-spacer-inner\"><\/div>\n\t\t<\/div>\n\t\t\t\t<\/div>\n\t\t\t\t<\/div>\n\t\t\t\t<\/div>\n\t\t\t\t\t<\/div>\n\t\t\t\t<\/div>\n\t\t\t\t<\/div>\n\t\t","protected":false},"excerpt":{"rendered":"<p>El cuerpo ha sido relegado y escindido de la conciencia. Nuestro objetivo es ofrecer un espacio adecuado para la tarea corporal que permita a cada uno desarrollar sus aspectos sanos, modificar aquellos que no lo son y enriquecer la capacidad de comunicaci\u00f3n y creatividad. El equipo de profesionales est\u00e1 formado por m\u00e9dicos, fisioterapeutas, oste\u00f3patas, profesores [&hellip;]<\/p>\n","protected":false},"author":1,"featured_media":0,"parent":0,"menu_order":0,"comment_status":"closed","ping_status":"closed","template":"","meta":{"ocean_post_layout":"","ocean_both_sidebars_style":"","ocean_both_sidebars_content_width":0,"ocean_both_sidebars_sidebars_width":0,"ocean_sidebar":"","ocean_second_sidebar":"","ocean_disable_margins":"enable","ocean_add_body_class":"","ocean_shortcode_before_top_bar":"","ocean_shortcode_after_top_bar":"","ocean_shortcode_before_header":"","ocean_shortcode_after_header":"","ocean_has_shortcode":"","ocean_shortcode_after_title":"","ocean_shortcode_before_footer_widgets":"","ocean_shortcode_after_footer_widgets":"","ocean_shortcode_before_footer_bottom":"","ocean_shortcode_after_footer_bottom":"","ocean_display_top_bar":"default","ocean_display_header":"default","ocean_header_style":"","ocean_center_header_left_menu":"","ocean_custom_header_template":"","ocean_custom_logo":0,"ocean_custom_retina_logo":0,"ocean_custom_logo_max_width":0,"ocean_custom_logo_tablet_max_width":0,"ocean_custom_logo_mobile_max_width":0,"ocean_custom_logo_max_height":0,"ocean_custom_logo_tablet_max_height":0,"ocean_custom_logo_mobile_max_height":0,"ocean_header_custom_menu":"","ocean_menu_typo_font_family":"","ocean_menu_typo_font_subset":"","ocean_menu_typo_font_size":0,"ocean_menu_typo_font_size_tablet":0,"ocean_menu_typo_font_size_mobile":0,"ocean_menu_typo_font_size_unit":"px","ocean_menu_typo_font_weight":"","ocean_menu_typo_font_weight_tablet":"","ocean_menu_typo_font_weight_mobile":"","ocean_menu_typo_transform":"","ocean_menu_typo_transform_tablet":"","ocean_menu_typo_transform_mobile":"","ocean_menu_typo_line_height":0,"ocean_menu_typo_line_height_tablet":0,"ocean_menu_typo_line_height_mobile":0,"ocean_menu_typo_line_height_unit":"","ocean_menu_typo_spacing":0,"ocean_menu_typo_spacing_tablet":0,"ocean_menu_typo_spacing_mobile":0,"ocean_menu_typo_spacing_unit":"","ocean_menu_link_color":"","ocean_menu_link_color_hover":"","ocean_menu_link_color_active":"","ocean_menu_link_background":"","ocean_menu_link_hover_background":"","ocean_menu_link_active_background":"","ocean_menu_social_links_bg":"","ocean_menu_social_hover_links_bg":"","ocean_menu_social_links_color":"","ocean_menu_social_hover_links_color":"","ocean_disable_title":"default","ocean_disable_heading":"default","ocean_post_title":"","ocean_post_subheading":"","ocean_post_title_style":"","ocean_post_title_background_color":"","ocean_post_title_background":0,"ocean_post_title_bg_image_position":"","ocean_post_title_bg_image_attachment":"","ocean_post_title_bg_image_repeat":"","ocean_post_title_bg_image_size":"","ocean_post_title_height":0,"ocean_post_title_bg_overlay":0.5,"ocean_post_title_bg_overlay_color":"","ocean_disable_breadcrumbs":"default","ocean_breadcrumbs_color":"","ocean_breadcrumbs_separator_color":"","ocean_breadcrumbs_links_color":"","ocean_breadcrumbs_links_hover_color":"","ocean_display_footer_widgets":"default","ocean_display_footer_bottom":"default","ocean_custom_footer_template":"","footnotes":""},"class_list":["post-1660","page","type-page","status-publish","hentry","entry"],"yoast_head":"<!-- This site is optimized with the Yoast SEO plugin v22.7 - https:\/\/yoast.com\/wordpress\/plugins\/seo\/ -->\n<title>\u00c1rea de Trabajo Corporal - Grup<\/title>\n<meta name=\"description\" content=\"Nuestro objetivo es ofrecer un espacio adecuado para la tarea corporal que permita a cada uno desarrollar sus aspectos sanos.\" \/>\n<meta name=\"robots\" content=\"index, follow, max-snippet:-1, max-image-preview:large, max-video-preview:-1\" \/>\n<link rel=\"canonical\" href=\"https:\/\/grup.com.es\/es\/area-de-trabajo-corporal\/\" \/>\n<meta property=\"og:locale\" content=\"es_ES\" \/>\n<meta property=\"og:type\" content=\"article\" \/>\n<meta property=\"og:title\" content=\"\u00c1rea de Trabajo Corporal - Grup\" \/>\n<meta property=\"og:description\" content=\"Nuestro objetivo es ofrecer un espacio adecuado para la tarea corporal que permita a cada uno desarrollar sus aspectos sanos.\" \/>\n<meta property=\"og:url\" content=\"https:\/\/grup.com.es\/es\/area-de-trabajo-corporal\/\" \/>\n<meta property=\"og:site_name\" content=\"Grup\" \/>\n<meta property=\"article:modified_time\" content=\"2024-05-21T15:14:41+00:00\" \/>\n<meta name=\"twitter:card\" content=\"summary_large_image\" \/>\n<meta name=\"twitter:label1\" content=\"Tiempo de lectura\" \/>\n\t<meta name=\"twitter:data1\" content=\"3 minutos\" \/>\n<script type=\"application\/ld+json\" class=\"yoast-schema-graph\">{\"@context\":\"https:\/\/schema.org\",\"@graph\":[{\"@type\":\"WebPage\",\"@id\":\"https:\/\/grup.com.es\/es\/area-de-trabajo-corporal\/\",\"url\":\"https:\/\/grup.com.es\/es\/area-de-trabajo-corporal\/\",\"name\":\"\u00c1rea de Trabajo Corporal - Grup\",\"isPartOf\":{\"@id\":\"https:\/\/grup.com.es\/#website\"},\"datePublished\":\"2024-04-23T07:36:01+00:00\",\"dateModified\":\"2024-05-21T15:14:41+00:00\",\"description\":\"Nuestro objetivo es ofrecer un espacio adecuado para la tarea corporal que permita a cada uno desarrollar sus aspectos sanos.\",\"breadcrumb\":{\"@id\":\"https:\/\/grup.com.es\/es\/area-de-trabajo-corporal\/#breadcrumb\"},\"inLanguage\":\"es\",\"potentialAction\":[{\"@type\":\"ReadAction\",\"target\":[\"https:\/\/grup.com.es\/es\/area-de-trabajo-corporal\/\"]}]},{\"@type\":\"BreadcrumbList\",\"@id\":\"https:\/\/grup.com.es\/es\/area-de-trabajo-corporal\/#breadcrumb\",\"itemListElement\":[{\"@type\":\"ListItem\",\"position\":1,\"name\":\"Inici\",\"item\":\"https:\/\/grup.com.es\/es\/\"},{\"@type\":\"ListItem\",\"position\":2,\"name\":\"\u00c1rea de Trabajo Corporal\"}]},{\"@type\":\"WebSite\",\"@id\":\"https:\/\/grup.com.es\/#website\",\"url\":\"https:\/\/grup.com.es\/\",\"name\":\"Grup\",\"description\":\"\",\"potentialAction\":[{\"@type\":\"SearchAction\",\"target\":{\"@type\":\"EntryPoint\",\"urlTemplate\":\"https:\/\/grup.com.es\/?s={search_term_string}\"},\"query-input\":\"required name=search_term_string\"}],\"inLanguage\":\"es\"}]}<\/script>\n<!-- \/ Yoast SEO plugin. -->","yoast_head_json":{"title":"\u00c1rea de Trabajo Corporal - Grup","description":"Nuestro objetivo es ofrecer un espacio adecuado para la tarea corporal que permita a cada uno desarrollar sus aspectos sanos.","robots":{"index":"index","follow":"follow","max-snippet":"max-snippet:-1","max-image-preview":"max-image-preview:large","max-video-preview":"max-video-preview:-1"},"canonical":"https:\/\/grup.com.es\/es\/area-de-trabajo-corporal\/","og_locale":"es_ES","og_type":"article","og_title":"\u00c1rea de Trabajo Corporal - Grup","og_description":"Nuestro objetivo es ofrecer un espacio adecuado para la tarea corporal que permita a cada uno desarrollar sus aspectos sanos.","og_url":"https:\/\/grup.com.es\/es\/area-de-trabajo-corporal\/","og_site_name":"Grup","article_modified_time":"2024-05-21T15:14:41+00:00","twitter_card":"summary_large_image","twitter_misc":{"Tiempo de lectura":"3 minutos"},"schema":{"@context":"https:\/\/schema.org","@graph":[{"@type":"WebPage","@id":"https:\/\/grup.com.es\/es\/area-de-trabajo-corporal\/","url":"https:\/\/grup.com.es\/es\/area-de-trabajo-corporal\/","name":"\u00c1rea de Trabajo Corporal - Grup","isPartOf":{"@id":"https:\/\/grup.com.es\/#website"},"datePublished":"2024-04-23T07:36:01+00:00","dateModified":"2024-05-21T15:14:41+00:00","description":"Nuestro objetivo es ofrecer un espacio adecuado para la tarea corporal que permita a cada uno desarrollar sus aspectos sanos.","breadcrumb":{"@id":"https:\/\/grup.com.es\/es\/area-de-trabajo-corporal\/#breadcrumb"},"inLanguage":"es","potentialAction":[{"@type":"ReadAction","target":["https:\/\/grup.com.es\/es\/area-de-trabajo-corporal\/"]}]},{"@type":"BreadcrumbList","@id":"https:\/\/grup.com.es\/es\/area-de-trabajo-corporal\/#breadcrumb","itemListElement":[{"@type":"ListItem","position":1,"name":"Inici","item":"https:\/\/grup.com.es\/es\/"},{"@type":"ListItem","position":2,"name":"\u00c1rea de Trabajo Corporal"}]},{"@type":"WebSite","@id":"https:\/\/grup.com.es\/#website","url":"https:\/\/grup.com.es\/","name":"Grup","description":"","potentialAction":[{"@type":"SearchAction","target":{"@type":"EntryPoint","urlTemplate":"https:\/\/grup.com.es\/?s={search_term_string}"},"query-input":"required name=search_term_string"}],"inLanguage":"es"}]}},"_links":{"self":[{"href":"https:\/\/grup.com.es\/es\/wp-json\/wp\/v2\/pages\/1660","targetHints":{"allow":["GET"]}}],"collection":[{"href":"https:\/\/grup.com.es\/es\/wp-json\/wp\/v2\/pages"}],"about":[{"href":"https:\/\/grup.com.es\/es\/wp-json\/wp\/v2\/types\/page"}],"author":[{"embeddable":true,"href":"https:\/\/grup.com.es\/es\/wp-json\/wp\/v2\/users\/1"}],"replies":[{"embeddable":true,"href":"https:\/\/grup.com.es\/es\/wp-json\/wp\/v2\/comments?post=1660"}],"version-history":[{"count":8,"href":"https:\/\/grup.com.es\/es\/wp-json\/wp\/v2\/pages\/1660\/revisions"}],"predecessor-version":[{"id":1743,"href":"https:\/\/grup.com.es\/es\/wp-json\/wp\/v2\/pages\/1660\/revisions\/1743"}],"wp:attachment":[{"href":"https:\/\/grup.com.es\/es\/wp-json\/wp\/v2\/media?parent=1660"}],"curies":[{"name":"wp","href":"https:\/\/api.w.org\/{rel}","templated":true}]}}